{"id":7405,"date":"2025-09-17T19:30:20","date_gmt":"2025-09-17T17:30:20","guid":{"rendered":"https:\/\/motiuashi.ro\/?page_id=7405"},"modified":"2025-09-19T16:07:17","modified_gmt":"2025-09-19T14:07:17","slug":"violeta-szekely","status":"publish","type":"page","link":"https:\/\/motiuashi.ro\/ro\/violeta-szekely\/","title":{"rendered":"Violeta Szekely"},"content":{"rendered":"<div data-elementor-type=\"wp-page\" data-elementor-id=\"7405\" class=\"elementor elementor-7405\">\n\t\t\t\t<div class=\"elementor-element elementor-element-3bd651d e-flex e-con-boxed e-con e-parent\" data-id=\"3bd651d\" data-element_type=\"container\" data-settings=\"{&quot;background_background&quot;:&quot;classic&quot;}\">\n\t\t\t\t\t<div class=\"e-con-inner\">\n\t\t<div class=\"elementor-element elementor-element-5583a4c e-con-full e-flex e-con e-child\" data-id=\"5583a4c\" data-element_type=\"container\">\n\t\t<div class=\"elementor-element elementor-element-0c5da1e e-con-full e-flex e-con e-child\" data-id=\"0c5da1e\" data-element_type=\"container\">\n\t\t\t\t<div class=\"elementor-element elementor-element-5963e14 elementor-widget elementor-widget-image\" data-id=\"5963e14\" data-element_type=\"widget\" data-widget_type=\"image.default\">\n\t\t\t\t<div class=\"elementor-widget-container\">\n\t\t\t\t\t\t\t\t\t\t\t\t\t\t\t<img fetchpriority=\"high\" decoding=\"async\" width=\"460\" height=\"341\" src=\"https:\/\/motiuashi.ro\/wp-content\/uploads\/2025\/09\/Becela-Szekely.jpg\" class=\"attachment-youko-default-post size-youko-default-post wp-image-7379\" alt=\"\" srcset=\"https:\/\/motiuashi.ro\/wp-content\/uploads\/2025\/09\/Becela-Szekely.jpg 460w, https:\/\/motiuashi.ro\/wp-content\/uploads\/2025\/09\/Becela-Szekely-300x222.jpg 300w, https:\/\/motiuashi.ro\/wp-content\/uploads\/2025\/09\/Becela-Szekely-400x297.jpg 400w\" sizes=\"(max-width: 460px) 100vw, 460px\" \/>\t\t\t\t\t\t\t\t\t\t\t\t\t\t\t<\/div>\n\t\t\t\t<\/div>\n\t\t<div class=\"elementor-element elementor-element-47ac1e9 e-con-full e-flex e-con e-child\" data-id=\"47ac1e9\" data-element_type=\"container\" data-settings=\"{&quot;background_background&quot;:&quot;classic&quot;}\">\n\t\t\t\t<div class=\"elementor-element elementor-element-d98a934 elementor-widget elementor-widget-heading\" data-id=\"d98a934\" data-element_type=\"widget\" data-widget_type=\"heading.default\">\n\t\t\t\t<div class=\"elementor-widget-container\">\n\t\t\t\t\t<h5 class=\"elementor-heading-title elementor-size-default\">Violeta Szekely<\/h5>\t\t\t\t<\/div>\n\t\t\t\t<\/div>\n\t\t\t\t<div class=\"elementor-element elementor-element-d832315 elementor-widget elementor-widget-heading\" data-id=\"d832315\" data-element_type=\"widget\" data-widget_type=\"heading.default\">\n\t\t\t\t<div class=\"elementor-widget-container\">\n\t\t\t\t\t<div class=\"elementor-heading-title elementor-size-default\">Antrenor ateltism \/ Pregatire fizica generala<\/div>\t\t\t\t<\/div>\n\t\t\t\t<\/div>\n\t\t\t\t<div class=\"elementor-element elementor-element-a7f4306 elementor-shape-circle elementor-grid-0 e-grid-align-center elementor-widget elementor-widget-social-icons\" data-id=\"a7f4306\" data-element_type=\"widget\" data-widget_type=\"social-icons.default\">\n\t\t\t\t<div class=\"elementor-widget-container\">\n\t\t\t\t\t\t\t<div class=\"elementor-social-icons-wrapper elementor-grid\" role=\"list\">\n\t\t\t\t\t\t\t<span class=\"elementor-grid-item\" role=\"listitem\">\n\t\t\t\t\t<a class=\"elementor-icon elementor-social-icon elementor-social-icon-facebook elementor-repeater-item-066f4f2\" href=\"https:\/\/www.facebook.com\/violeta.becleaszekely\" target=\"_blank\">\n\t\t\t\t\t\t<span class=\"elementor-screen-only\">Facebook<\/span>\n\t\t\t\t\t\t<svg aria-hidden=\"true\" class=\"e-font-icon-svg e-fab-facebook\" viewbox=\"0 0 512 512\" xmlns=\"http:\/\/www.w3.org\/2000\/svg\"><path d=\"M504 256C504 119 393 8 256 8S8 119 8 256c0 123.78 90.69 226.38 209.25 245V327.69h-63V256h63v-54.64c0-62.15 37-96.48 93.67-96.48 27.14 0 55.52 4.84 55.52 4.84v61h-31.28c-30.8 0-40.41 19.12-40.41 38.73V256h68.78l-11 71.69h-57.78V501C413.31 482.38 504 379.78 504 256z\"><\/path><\/svg>\t\t\t\t\t<\/a>\n\t\t\t\t<\/span>\n\t\t\t\t\t\t\t<span class=\"elementor-grid-item\" role=\"listitem\">\n\t\t\t\t\t<a class=\"elementor-icon elementor-social-icon elementor-social-icon-instagram elementor-repeater-item-5a18fc9\" href=\"https:\/\/www.instagram.com\/violetabecleaszekely\/\" target=\"_blank\">\n\t\t\t\t\t\t<span class=\"elementor-screen-only\">Instagram<\/span>\n\t\t\t\t\t\t<svg aria-hidden=\"true\" class=\"e-font-icon-svg e-fab-instagram\" viewbox=\"0 0 448 512\" xmlns=\"http:\/\/www.w3.org\/2000\/svg\"><path d=\"M224.1 141c-63.6 0-114.9 51.3-114.9 114.9s51.3 114.9 114.9 114.9S339 319.5 339 255.9 287.7 141 224.1 141zm0 189.6c-41.1 0-74.7-33.5-74.7-74.7s33.5-74.7 74.7-74.7 74.7 33.5 74.7 74.7-33.6 74.7-74.7 74.7zm146.4-194.3c0 14.9-12 26.8-26.8 26.8-14.9 0-26.8-12-26.8-26.8s12-26.8 26.8-26.8 26.8 12 26.8 26.8zm76.1 27.2c-1.7-35.9-9.9-67.7-36.2-93.9-26.2-26.2-58-34.4-93.9-36.2-37-2.1-147.9-2.1-184.9 0-35.8 1.7-67.6 9.9-93.9 36.1s-34.4 58-36.2 93.9c-2.1 37-2.1 147.9 0 184.9 1.7 35.9 9.9 67.7 36.2 93.9s58 34.4 93.9 36.2c37 2.1 147.9 2.1 184.9 0 35.9-1.7 67.7-9.9 93.9-36.2 26.2-26.2 34.4-58 36.2-93.9 2.1-37 2.1-147.8 0-184.8zM398.8 388c-7.8 19.6-22.9 34.7-42.6 42.6-29.5 11.7-99.5 9-132.1 9s-102.7 2.6-132.1-9c-19.6-7.8-34.7-22.9-42.6-42.6-11.7-29.5-9-99.5-9-132.1s-2.6-102.7 9-132.1c7.8-19.6 22.9-34.7 42.6-42.6 29.5-11.7 99.5-9 132.1-9s102.7-2.6 132.1 9c19.6 7.8 34.7 22.9 42.6 42.6 11.7 29.5 9 99.5 9 132.1s2.7 102.7-9 132.1z\"><\/path><\/svg>\t\t\t\t\t<\/a>\n\t\t\t\t<\/span>\n\t\t\t\t\t<\/div>\n\t\t\t\t\t\t<\/div>\n\t\t\t\t<\/div>\n\t\t\t\t<\/div>\n\t\t\t\t<\/div>\n\t\t\t\t<\/div>\n\t\t<div class=\"elementor-element elementor-element-6be9ce4 e-con-full e-flex e-con e-child\" data-id=\"6be9ce4\" data-element_type=\"container\">\n\t\t\t\t<div class=\"elementor-element elementor-element-dfc1cd6 i tabs-dark-bg elementor-tabs-view-horizontal elementor-widget elementor-widget-tabs\" data-id=\"dfc1cd6\" data-element_type=\"widget\" data-widget_type=\"tabs.default\">\n\t\t\t\t<div class=\"elementor-widget-container\">\n\t\t\t\t\t\t\t<div class=\"elementor-tabs\">\n\t\t\t<div class=\"elementor-tabs-wrapper\" role=\"tablist\" >\n\t\t\t\t\t\t\t\t\t<div id=\"elementor-tab-title-2341\" class=\"elementor-tab-title elementor-tab-desktop-title\" aria-selected=\"true\" data-tab=\"1\" role=\"tab\" tabindex=\"0\" aria-controls=\"elementor-tab-content-2341\" aria-expanded=\"false\">Biografie<\/div>\n\t\t\t\t\t\t\t<\/div>\n\t\t\t<div class=\"elementor-tabs-content-wrapper\" role=\"tablist\" aria-orientation=\"vertical\">\n\t\t\t\t\t\t\t\t\t<div class=\"elementor-tab-title elementor-tab-mobile-title\" aria-selected=\"true\" data-tab=\"1\" role=\"tab\" tabindex=\"0\" aria-controls=\"elementor-tab-content-2341\" aria-expanded=\"false\">Biografie<\/div>\n\t\t\t\t\t<div id=\"elementor-tab-content-2341\" class=\"elementor-tab-content elementor-clearfix\" data-tab=\"1\" role=\"tabpanel\" aria-labelledby=\"elementor-tab-title-2341\" tabindex=\"0\" hidden=\"false\"><p>Pre\u0219edintele Asocia\u021biei Clubul Sportiv Motiuashi este o personalitate remarcabil\u0103, cu o carier\u0103 sportiv\u0103 de excep\u021bie \u0219i un model de excelen\u021b\u0103, pasiune \u0219i dedicare \u00een lumea atletismului na\u021bional \u0219i interna\u021bional. Vicecampioan\u0103 olimpic\u0103, campioan\u0103 european\u0103, dubl\u0103 medaliat\u0103 cu bronz la Campionatele Europene \u0219i de cinci ori medaliat\u0103 cu argint la Campionatele Mondiale de Atletism, Violeta Beclea-Szekely a scris istorie pe pistele lumii.<\/p><p>A c\u00e2\u0219tigat de dou\u0103 ori Cupa Europei \u0219i de trei ori a urcat pe prima treapt\u0103 a podiumului \u00een finala IAAF Grand Prix. \u00cen anul 2001, a fost nominalizat\u0103 de forurile interna\u021bionale \u00een cursa pentru titlul de \u201eCea mai bun\u0103 atlet\u0103 a lumii\u201d.<\/p><p>Palmaresul s\u0103u impresionant reflect\u0103 nu doar un talent extraordinar, ci \u0219i munca asidu\u0103, determinarea \u0219i spiritul de sacrificiu care definesc un adev\u0103rat campion.<\/p><p>Dincolo de realiz\u0103rile personale, se distinge prin dorin\u021ba de a contribui la dezvoltarea sportului rom\u00e2nesc, \u00een parteneriat cu so\u021bul s\u0103u, Adrian Szekely \u2013 Sensei respectat \u0219i formator de genera\u021bii.<\/p><p>Spiritul de echip\u0103, pasiunea pentru sport \u0219i dorin\u021ba de a inspira \u0219i educa tinerii sunt valorile care stau la baza Asocia\u021biei Clubul Sportiv Motiuashi. Prin profesionalism \u0219i angajament fa\u021b\u0103 de performan\u021b\u0103, a creat un mediu unde excelen\u021ba \u0219i disciplina se \u00eempletesc, oferind copiilor \u0219i tinerilor oportunit\u0103\u021bi reale de afirmare \u0219i dezvoltare.<\/p><\/div>\n\t\t\t\t\t\t\t<\/div>\n\t\t<\/div>\n\t\t\t\t\t\t<\/div>\n\t\t\t\t<\/div>\n\t\t\t\t<div class=\"elementor-element elementor-element-e80b515 elementor-align-right elementor-widget elementor-widget-button\" data-id=\"e80b515\" data-element_type=\"widget\" data-widget_type=\"button.default\">\n\t\t\t\t<div class=\"elementor-widget-container\">\n\t\t\t\t\t\t\t\t\t<div class=\"elementor-button-wrapper\">\n\t\t\t\t\t<a class=\"elementor-button elementor-button-link elementor-size-sm\" href=\"https:\/\/motiuashi.ro\/ro\/staff\/\">\n\t\t\t\t\t\t<span class=\"elementor-button-content-wrapper\">\n\t\t\t\t\t\t<span class=\"elementor-button-icon\">\n\t\t\t\t<svg xmlns=\"http:\/\/www.w3.org\/2000\/svg\" width=\"0.48em\" height=\"1em\" viewbox=\"0 0 608 1280\"><g transform=\"translate(608 0) scale(-1 1)\"><path d=\"M595 288q0 13-10 23L192 704l393 393q10 10 10 23t-10 23l-50 50q-10 10-23 10t-23-10L23 727q-10-10-10-23t10-23l466-466q10-10 23-10t23 10l50 50q10 10 10 23\"><\/path><\/g><\/svg>\t\t\t<\/span>\n\t\t\t\t\t\t\t\t\t<span class=\"elementor-button-text\">\u00cenapoi la staff<\/span>\n\t\t\t\t\t<\/span>\n\t\t\t\t\t<\/a>\n\t\t\t\t<\/div>\n\t\t\t\t\t\t\t\t<\/div>\n\t\t\t\t<\/div>\n\t\t\t\t<\/div>\n\t\t\t\t\t<\/div>\n\t\t\t\t<\/div>\n\t\t\t\t<\/div>\n\t\t\n    <div class=\"xs_social_share_widget xs_share_url after_content \t\tmain_content  wslu-style-1 wslu-share-box-shaped wslu-fill-colored wslu-none wslu-share-horizontal wslu-theme-font-no wslu-main_content\">\n\n\t\t\n        <ul>\n\t\t\t        <\/ul>\n    <\/div>","protected":false},"excerpt":{"rendered":"<p>Violeta Szekely Antrenor ateltism \/ Pregatire fizica generala Facebook Instagram Biografie Biografie Pre\u0219edintele Asocia\u021biei Clubul Sportiv Motiuashi este o personalitate remarcabil\u0103, cu o carier\u0103 sportiv\u0103 de excep\u021bie \u0219i un model de excelen\u021b\u0103, pasiune \u0219i dedicare \u00een lumea atletismului na\u021bional \u0219i interna\u021bional. Vicecampioan\u0103 olimpic\u0103, campioan\u0103 european\u0103, dubl\u0103 medaliat\u0103 cu bronz la Campionatele Europene \u0219i de cinci<span class=\"more-dots\">&#8230;<\/span><\/p>","protected":false},"author":1,"featured_media":0,"parent":0,"menu_order":0,"comment_status":"closed","ping_status":"closed","template":"page-templates\/full-width.php","meta":{"footnotes":""},"class_list":["post-7405","page","type-page","status-publish","hentry"],"yoast_head":"<!-- This site is optimized with the Yoast SEO plugin v26.8 - https:\/\/yoast.com\/product\/yoast-seo-wordpress\/ -->\n<title>Violeta Szekely - ACS Motiuashi | Club de Judo<\/title>\n<meta name=\"robots\" content=\"index, follow, max-snippet:-1, max-image-preview:large, max-video-preview:-1\" \/>\n<link rel=\"canonical\" href=\"https:\/\/motiuashi.ro\/ro\/violeta-szekely\/\" \/>\n<meta property=\"og:locale\" content=\"ro_RO\" \/>\n<meta property=\"og:type\" content=\"article\" \/>\n<meta property=\"og:title\" content=\"Violeta Szekely - ACS Motiuashi | Club de Judo\" \/>\n<meta property=\"og:description\" content=\"Violeta Szekely Antrenor ateltism \/ Pregatire fizica generala Facebook Instagram Biografie Biografie Pre\u0219edintele Asocia\u021biei Clubul Sportiv Motiuashi este o personalitate remarcabil\u0103, cu o carier\u0103 sportiv\u0103 de excep\u021bie \u0219i un model de excelen\u021b\u0103, pasiune \u0219i dedicare \u00een lumea atletismului na\u021bional \u0219i interna\u021bional. Vicecampioan\u0103 olimpic\u0103, campioan\u0103 european\u0103, dubl\u0103 medaliat\u0103 cu bronz la Campionatele Europene \u0219i de cinci...\" \/>\n<meta property=\"og:url\" content=\"https:\/\/motiuashi.ro\/ro\/violeta-szekely\/\" \/>\n<meta property=\"og:site_name\" content=\"ACS Motiuashi | Club de Judo\" \/>\n<meta property=\"article:modified_time\" content=\"2025-09-19T14:07:17+00:00\" \/>\n<meta property=\"og:image\" content=\"https:\/\/motiuashi.ro\/wp-content\/uploads\/2025\/09\/Becela-Szekely.jpg\" \/>\n\t<meta property=\"og:image:width\" content=\"460\" \/>\n\t<meta property=\"og:image:height\" content=\"341\" \/>\n\t<meta property=\"og:image:type\" content=\"image\/jpeg\" \/>\n<meta name=\"twitter:card\" content=\"summary_large_image\" \/>\n<meta name=\"twitter:label1\" content=\"Timp estimat pentru citire\" \/>\n\t<meta name=\"twitter:data1\" content=\"2 minute\" \/>\n<script type=\"application\/ld+json\" class=\"yoast-schema-graph\">{\"@context\":\"https:\/\/schema.org\",\"@graph\":[{\"@type\":\"WebPage\",\"@id\":\"https:\/\/motiuashi.ro\/violeta-szekely\/\",\"url\":\"https:\/\/motiuashi.ro\/violeta-szekely\/\",\"name\":\"Violeta Szekely - ACS Motiuashi | Club de Judo\",\"isPartOf\":{\"@id\":\"https:\/\/motiuashi.ro\/#website\"},\"primaryImageOfPage\":{\"@id\":\"https:\/\/motiuashi.ro\/violeta-szekely\/#primaryimage\"},\"image\":{\"@id\":\"https:\/\/motiuashi.ro\/violeta-szekely\/#primaryimage\"},\"thumbnailUrl\":\"https:\/\/motiuashi.ro\/wp-content\/uploads\/2025\/09\/Becela-Szekely.jpg\",\"datePublished\":\"2025-09-17T17:30:20+00:00\",\"dateModified\":\"2025-09-19T14:07:17+00:00\",\"breadcrumb\":{\"@id\":\"https:\/\/motiuashi.ro\/violeta-szekely\/#breadcrumb\"},\"inLanguage\":\"ro-RO\",\"potentialAction\":[{\"@type\":\"ReadAction\",\"target\":[\"https:\/\/motiuashi.ro\/violeta-szekely\/\"]}]},{\"@type\":\"ImageObject\",\"inLanguage\":\"ro-RO\",\"@id\":\"https:\/\/motiuashi.ro\/violeta-szekely\/#primaryimage\",\"url\":\"https:\/\/motiuashi.ro\/wp-content\/uploads\/2025\/09\/Becela-Szekely.jpg\",\"contentUrl\":\"https:\/\/motiuashi.ro\/wp-content\/uploads\/2025\/09\/Becela-Szekely.jpg\"},{\"@type\":\"BreadcrumbList\",\"@id\":\"https:\/\/motiuashi.ro\/violeta-szekely\/#breadcrumb\",\"itemListElement\":[{\"@type\":\"ListItem\",\"position\":1,\"name\":\"Home\",\"item\":\"https:\/\/motiuashi.ro\/\"},{\"@type\":\"ListItem\",\"position\":2,\"name\":\"Violeta Szekely\"}]},{\"@type\":\"WebSite\",\"@id\":\"https:\/\/motiuashi.ro\/#website\",\"url\":\"https:\/\/motiuashi.ro\/\",\"name\":\"ACS Motiuashi | Club de Judo\",\"description\":\"\",\"publisher\":{\"@id\":\"https:\/\/motiuashi.ro\/#organization\"},\"potentialAction\":[{\"@type\":\"SearchAction\",\"target\":{\"@type\":\"EntryPoint\",\"urlTemplate\":\"https:\/\/motiuashi.ro\/?s={search_term_string}\"},\"query-input\":{\"@type\":\"PropertyValueSpecification\",\"valueRequired\":true,\"valueName\":\"search_term_string\"}}],\"inLanguage\":\"ro-RO\"},{\"@type\":\"Organization\",\"@id\":\"https:\/\/motiuashi.ro\/#organization\",\"name\":\"ACS Motiuashi | Club de Judo\",\"url\":\"https:\/\/motiuashi.ro\/\",\"logo\":{\"@type\":\"ImageObject\",\"inLanguage\":\"ro-RO\",\"@id\":\"https:\/\/motiuashi.ro\/#\/schema\/logo\/image\/\",\"url\":\"https:\/\/motiuashi.ro\/wp-content\/uploads\/2025\/01\/Logo-Motiuashi.png\",\"contentUrl\":\"https:\/\/motiuashi.ro\/wp-content\/uploads\/2025\/01\/Logo-Motiuashi.png\",\"width\":4996,\"height\":4996,\"caption\":\"ACS Motiuashi | Club de Judo\"},\"image\":{\"@id\":\"https:\/\/motiuashi.ro\/#\/schema\/logo\/image\/\"}}]}<\/script>\n<!-- \/ Yoast SEO plugin. -->","yoast_head_json":{"title":"Violeta Szekely - ACS Motiuashi | Club de Judo","robots":{"index":"index","follow":"follow","max-snippet":"max-snippet:-1","max-image-preview":"max-image-preview:large","max-video-preview":"max-video-preview:-1"},"canonical":"https:\/\/motiuashi.ro\/ro\/violeta-szekely\/","og_locale":"ro_RO","og_type":"article","og_title":"Violeta Szekely - ACS Motiuashi | Club de Judo","og_description":"Violeta Szekely Antrenor ateltism \/ Pregatire fizica generala Facebook Instagram Biografie Biografie Pre\u0219edintele Asocia\u021biei Clubul Sportiv Motiuashi este o personalitate remarcabil\u0103, cu o carier\u0103 sportiv\u0103 de excep\u021bie \u0219i un model de excelen\u021b\u0103, pasiune \u0219i dedicare \u00een lumea atletismului na\u021bional \u0219i interna\u021bional. Vicecampioan\u0103 olimpic\u0103, campioan\u0103 european\u0103, dubl\u0103 medaliat\u0103 cu bronz la Campionatele Europene \u0219i de cinci...","og_url":"https:\/\/motiuashi.ro\/ro\/violeta-szekely\/","og_site_name":"ACS Motiuashi | Club de Judo","article_modified_time":"2025-09-19T14:07:17+00:00","og_image":[{"width":460,"height":341,"url":"https:\/\/motiuashi.ro\/wp-content\/uploads\/2025\/09\/Becela-Szekely.jpg","type":"image\/jpeg"}],"twitter_card":"summary_large_image","twitter_misc":{"Timp estimat pentru citire":"2 minute"},"schema":{"@context":"https:\/\/schema.org","@graph":[{"@type":"WebPage","@id":"https:\/\/motiuashi.ro\/violeta-szekely\/","url":"https:\/\/motiuashi.ro\/violeta-szekely\/","name":"Violeta Szekely - ACS Motiuashi | Club de Judo","isPartOf":{"@id":"https:\/\/motiuashi.ro\/#website"},"primaryImageOfPage":{"@id":"https:\/\/motiuashi.ro\/violeta-szekely\/#primaryimage"},"image":{"@id":"https:\/\/motiuashi.ro\/violeta-szekely\/#primaryimage"},"thumbnailUrl":"https:\/\/motiuashi.ro\/wp-content\/uploads\/2025\/09\/Becela-Szekely.jpg","datePublished":"2025-09-17T17:30:20+00:00","dateModified":"2025-09-19T14:07:17+00:00","breadcrumb":{"@id":"https:\/\/motiuashi.ro\/violeta-szekely\/#breadcrumb"},"inLanguage":"ro-RO","potentialAction":[{"@type":"ReadAction","target":["https:\/\/motiuashi.ro\/violeta-szekely\/"]}]},{"@type":"ImageObject","inLanguage":"ro-RO","@id":"https:\/\/motiuashi.ro\/violeta-szekely\/#primaryimage","url":"https:\/\/motiuashi.ro\/wp-content\/uploads\/2025\/09\/Becela-Szekely.jpg","contentUrl":"https:\/\/motiuashi.ro\/wp-content\/uploads\/2025\/09\/Becela-Szekely.jpg"},{"@type":"BreadcrumbList","@id":"https:\/\/motiuashi.ro\/violeta-szekely\/#breadcrumb","itemListElement":[{"@type":"ListItem","position":1,"name":"Home","item":"https:\/\/motiuashi.ro\/"},{"@type":"ListItem","position":2,"name":"Violeta Szekely"}]},{"@type":"WebSite","@id":"https:\/\/motiuashi.ro\/#website","url":"https:\/\/motiuashi.ro\/","name":"ACS Motiuashi | Club de Judo","description":"","publisher":{"@id":"https:\/\/motiuashi.ro\/#organization"},"potentialAction":[{"@type":"SearchAction","target":{"@type":"EntryPoint","urlTemplate":"https:\/\/motiuashi.ro\/?s={search_term_string}"},"query-input":{"@type":"PropertyValueSpecification","valueRequired":true,"valueName":"search_term_string"}}],"inLanguage":"ro-RO"},{"@type":"Organization","@id":"https:\/\/motiuashi.ro\/#organization","name":"ACS Motiuashi | Club de Judo","url":"https:\/\/motiuashi.ro\/","logo":{"@type":"ImageObject","inLanguage":"ro-RO","@id":"https:\/\/motiuashi.ro\/#\/schema\/logo\/image\/","url":"https:\/\/motiuashi.ro\/wp-content\/uploads\/2025\/01\/Logo-Motiuashi.png","contentUrl":"https:\/\/motiuashi.ro\/wp-content\/uploads\/2025\/01\/Logo-Motiuashi.png","width":4996,"height":4996,"caption":"ACS Motiuashi | Club de Judo"},"image":{"@id":"https:\/\/motiuashi.ro\/#\/schema\/logo\/image\/"}}]}},"_links":{"self":[{"href":"https:\/\/motiuashi.ro\/ro\/wp-json\/wp\/v2\/pages\/7405","targetHints":{"allow":["GET"]}}],"collection":[{"href":"https:\/\/motiuashi.ro\/ro\/wp-json\/wp\/v2\/pages"}],"about":[{"href":"https:\/\/motiuashi.ro\/ro\/wp-json\/wp\/v2\/types\/page"}],"author":[{"embeddable":true,"href":"https:\/\/motiuashi.ro\/ro\/wp-json\/wp\/v2\/users\/1"}],"replies":[{"embeddable":true,"href":"https:\/\/motiuashi.ro\/ro\/wp-json\/wp\/v2\/comments?post=7405"}],"version-history":[{"count":25,"href":"https:\/\/motiuashi.ro\/ro\/wp-json\/wp\/v2\/pages\/7405\/revisions"}],"predecessor-version":[{"id":7621,"href":"https:\/\/motiuashi.ro\/ro\/wp-json\/wp\/v2\/pages\/7405\/revisions\/7621"}],"wp:attachment":[{"href":"https:\/\/motiuashi.ro\/ro\/wp-json\/wp\/v2\/media?parent=7405"}],"curies":[{"name":"wp","href":"https:\/\/api.w.org\/{rel}","templated":true}]}}